{"id":1680,"date":"2025-11-15T17:39:28","date_gmt":"2025-11-15T16:39:28","guid":{"rendered":"https:\/\/flussbus.ch\/?page_id=1680"},"modified":"2025-11-15T17:42:32","modified_gmt":"2025-11-15T16:42:32","slug":"abschiedsfahrten-zeremonien","status":"publish","type":"page","link":"https:\/\/flussbus.ch\/en\/angebot\/specials\/abschiedsfahrten-zeremonien","title":{"rendered":"Abschiedsfahrten &amp; Zeremonien"},"content":{"rendered":"<p>[et_pb_section fb_built=&#8221;1&#8243; fullwidth=&#8221;on&#8221; _builder_version=&#8221;4.22.1&#8243; _module_preset=&#8221;_initial&#8221; background_image=&#8221;https:\/\/flussbus.ch\/wp-content\/uploads\/2023\/08\/flussbus-basel-rhyno-rhein-hauptbild-2.jpg&#8221; global_colors_info=&#8221;{}&#8221; theme_builder_area=&#8221;post_content&#8221;][et_pb_fullwidth_header global_colors_info=&#8221;{}&#8221; button_one_text_color__hover_enabled=&#8221;on|hover&#8221; button_one_text_color__hover=&#8221;#FCFCFC&#8221; button_one_border_color__hover_enabled=&#8221;on|hover&#8221; button_one_border_color__hover=&#8221;#FCFCFC&#8221; button_one_bg_color__hover_enabled=&#8221;off|desktop&#8221; button_one_bg_color__sticky_enabled=&#8221;off|desktop&#8221; title=&#8221;Abschiedsfahrten &amp; Zeremonien.&#8221; _builder_version=&#8221;4.27.4&#8243; _module_preset=&#8221;_initial&#8221; hover_enabled=&#8221;0&#8243; theme_builder_area=&#8221;post_content&#8221; sticky_enabled=&#8221;0&#8243;]<\/p>\n<p><span data-contrast=\"auto\" xml:lang=\"DE-CH\" lang=\"DE-CH\" class=\"TextRun SCXW64646671 BCX0\"><span class=\"NormalTextRun SCXW64646671 BCX0\" data-ccp-charstyle=\"Strong\">Abschiede geh\u00f6ren zum Leben \u2013 und doch ber\u00fchren sie uns tief.<\/span><\/span><span data-contrast=\"auto\" xml:lang=\"DE-CH\" lang=\"DE-CH\" class=\"TextRun SCXW64646671 BCX0\"><span class=\"NormalTextRun SCXW64646671 BCX0\" data-ccp-parastyle=\"Normal (Web)\"> Wenn ein geliebter Mensch geht, entsteht ein Raum aus <\/span><span class=\"NormalTextRun SCXW64646671 BCX0\" data-ccp-parastyle=\"Normal (Web)\">Trauer<\/span><span class=\"NormalTextRun SCXW64646671 BCX0\" data-ccp-parastyle=\"Normal (Web)\">, Dankbarkeit und unz\u00e4hligen Erinnerungen, den Worte kaum fassen k\u00f6nnen.<\/span><\/span><\/p>\n<p>[\/et_pb_fullwidth_header][\/et_pb_section][et_pb_section fb_built=&#8221;1&#8243; module_class=&#8221;reversing&#8221; _builder_version=&#8221;4.18.0&#8243; _module_preset=&#8221;_initial&#8221; global_colors_info=&#8221;{}&#8221; theme_builder_area=&#8221;post_content&#8221;][et_pb_row column_structure=&#8221;1_2,1_2&#8243; _builder_version=&#8221;4.18.0&#8243; _module_preset=&#8221;_initial&#8221; global_colors_info=&#8221;{}&#8221; theme_builder_area=&#8221;post_content&#8221;][et_pb_column type=&#8221;1_2&#8243; _builder_version=&#8221;4.18.0&#8243; _module_preset=&#8221;default&#8221; global_colors_info=&#8221;{}&#8221; theme_builder_area=&#8221;post_content&#8221;][et_pb_text _builder_version=&#8221;4.27.4&#8243; _module_preset=&#8221;_initial&#8221; hover_enabled=&#8221;0&#8243; global_colors_info=&#8221;{}&#8221; theme_builder_area=&#8221;post_content&#8221; sticky_enabled=&#8221;0&#8243;]<\/p>\n<p><span data-contrast=\"auto\">Ein Abschied auf dem Rhein ist ein einzigartiger und w\u00fcrdevoller Moment.<\/span><span>\u00a0<br \/><\/span><span data-contrast=\"auto\">Das Wasser tr\u00e4gt, was Worte oft nicht fassen k\u00f6nnen. Es spiegelt die Trauer, die Liebe und die Dankbarkeit f\u00fcr den gemeinsamen Weg.<\/span><span data-ccp-props=\"{&quot;134233117&quot;:true,&quot;134233118&quot;:true,&quot;335559685&quot;:720}\">\u00a0<\/span><\/p>\n<p><span data-contrast=\"auto\">Auf der RhyLounge entsteht ein Raum, der h\u00e4lt und tr\u00e4gt \u2013 w\u00e4hrend der Rhein tr\u00e4gt und Wasser und Himmel sich begegnen.<\/span><span data-ccp-props=\"{&quot;134233117&quot;:true,&quot;134233118&quot;:true,&quot;335559685&quot;:720}\">\u00a0<\/span><\/p>\n<p><span data-contrast=\"auto\">Wir wissen, wie schwer ein letzter Abschied sein kann. Darum gestalten wir jede Fahrt behutsam und individuell \u2013 von Route und Dauer bis zu Musik, Blumen oder einem Trauerredner.<\/span><span>\u00a0<br \/><\/span><span data-contrast=\"auto\">Ob es eine stille Stunde ist oder eine ausgedehnte Zeremonie: Alles darf sich nach eurem eigenen Rhythmus richten.<\/span><span data-ccp-props=\"{&quot;134233117&quot;:true,&quot;134233118&quot;:true,&quot;335559685&quot;:720}\">\u00a0<\/span><\/p>\n<p><span data-contrast=\"auto\">F\u00fcr uns ist eine Rheinbestattung mehr als eine Fahrt auf dem Fluss. Sie ist ein \u00dcbergang, ein Ritual, das Halt gibt, wenn vieles ins Wanken ger\u00e4t. Trauer darf da sein, Tr\u00e4nen und Stille ebenso. In diesem gesch\u00fctzten Rahmen wird sp\u00fcrbar, dass Liebe und Erinnerung weiterstr\u00f6men \u2013 \u00fcber den Augenblick hinaus.<\/span><span data-ccp-props=\"{&quot;134233117&quot;:true,&quot;134233118&quot;:true,&quot;335559685&quot;:720}\">\u00a0<\/span><\/p>\n<p><span data-contrast=\"auto\">Mit Feingef\u00fchl begleiten wir euch, dezent und zuverl\u00e4ssig. So wird ein schwerer Moment zu einem w\u00fcrdevollen Abschied, der Frieden schenkt und als Erinnerungsraum bleibt.<\/span><span data-ccp-props=\"{&quot;134233117&quot;:true,&quot;134233118&quot;:true,&quot;335559685&quot;:720}\">\u00a0<\/span><\/p>\n<p><span data-contrast=\"auto\">Ewige Ruhe am Rhein \u2013 ein Abschied, der ber\u00fchrt und weitertr\u00e4gt<\/span><span data-ccp-props=\"{&quot;134233117&quot;:true,&quot;134233118&quot;:true,&quot;335559685&quot;:720}\">\u00a0<\/span><\/p>\n<p><span data-contrast=\"auto\">Auf Wunsch organisieren wir ein passendes Catering, Trauerredner oder Musik, von leiser Hintergrundmusik bis zu pers\u00f6nlichen Lieblingsst\u00fccken. So entsteht ein w\u00fcrdevoller Rahmen, in dem Erinnerungen Raum bekommen und ein Abschied in Frieden m\u00f6glich wird.<\/span><span>\u00a0<br \/><\/span><span>\u00a0<br \/><\/span><span data-contrast=\"auto\">F\u00fcr stille Abschiede, Trauerfeiern, pers\u00f6nliche Rituale.<\/span><span>\u00a0<br \/><\/span><i><span data-contrast=\"auto\">W\u00fcrdevoll, individuell, in ruhiger Atmosph\u00e4re.<\/span><\/i><span data-ccp-props=\"{&quot;134233117&quot;:true,&quot;134233118&quot;:true}\">\u00a0<\/span><\/p>\n<p>[\/et_pb_text][et_pb_button custom_padding__hover_enabled=&#8221;on|hover&#8221; custom_padding__hover=&#8221;|2.3em||1.2em|true|false&#8221; button_url=&#8221;\/kontakt&#8221; button_text=&#8221;Kontakt aufnehmen&#8221; _builder_version=&#8221;4.27.4&#8243; _module_preset=&#8221;_initial&#8221; global_colors_info=&#8221;{}&#8221; theme_builder_area=&#8221;post_content&#8221;][\/et_pb_button][\/et_pb_column][et_pb_column type=&#8221;1_2&#8243; _builder_version=&#8221;4.18.0&#8243; _module_preset=&#8221;default&#8221; global_colors_info=&#8221;{}&#8221; theme_builder_area=&#8221;post_content&#8221;][et_pb_image src=&#8221;https:\/\/flussbus.ch\/wp-content\/uploads\/2022\/11\/flussbus-basel-rhyno-rhein-schiff-rundfahrt-scaled.jpg&#8221; alt=&#8221;Rhein Rundfahrt Basel&#8221; title_text=&#8221;flussbus-basel-rhyno-rhein-schiff-rundfahrt&#8221; _builder_version=&#8221;4.21.0&#8243; _module_preset=&#8221;_initial&#8221; global_colors_info=&#8221;{}&#8221; theme_builder_area=&#8221;post_content&#8221;][\/et_pb_image][\/et_pb_column][\/et_pb_row][\/et_pb_section]<\/p>\n","protected":false},"excerpt":{"rendered":"<p>Abschiede geh\u00f6ren zum Leben \u2013 und doch ber\u00fchren sie uns tief. Wenn ein geliebter Mensch geht, entsteht ein Raum aus Trauer, Dankbarkeit und unz\u00e4hligen Erinnerungen, den Worte kaum fassen k\u00f6nnen.Ein Abschied auf dem Rhein ist ein einzigartiger und w\u00fcrdevoller Moment.\u00a0Das Wasser tr\u00e4gt, was Worte oft nicht fassen k\u00f6nnen. Es spiegelt die Trauer, die Liebe und [&hellip;]<\/p>\n","protected":false},"author":1,"featured_media":0,"parent":29,"menu_order":0,"comment_status":"closed","ping_status":"closed","template":"","meta":{"_acf_changed":false,"_et_pb_use_builder":"on","_et_pb_old_content":"","_et_gb_content_width":"","footnotes":""},"class_list":["post-1680","page","type-page","status-publish","hentry"],"acf":[],"_links":{"self":[{"href":"https:\/\/flussbus.ch\/en\/wp-json\/wp\/v2\/pages\/1680","targetHints":{"allow":["GET"]}}],"collection":[{"href":"https:\/\/flussbus.ch\/en\/wp-json\/wp\/v2\/pages"}],"about":[{"href":"https:\/\/flussbus.ch\/en\/wp-json\/wp\/v2\/types\/page"}],"author":[{"embeddable":true,"href":"https:\/\/flussbus.ch\/en\/wp-json\/wp\/v2\/users\/1"}],"replies":[{"embeddable":true,"href":"https:\/\/flussbus.ch\/en\/wp-json\/wp\/v2\/comments?post=1680"}],"version-history":[{"count":4,"href":"https:\/\/flussbus.ch\/en\/wp-json\/wp\/v2\/pages\/1680\/revisions"}],"predecessor-version":[{"id":1686,"href":"https:\/\/flussbus.ch\/en\/wp-json\/wp\/v2\/pages\/1680\/revisions\/1686"}],"up":[{"embeddable":true,"href":"https:\/\/flussbus.ch\/en\/wp-json\/wp\/v2\/pages\/29"}],"wp:attachment":[{"href":"https:\/\/flussbus.ch\/en\/wp-json\/wp\/v2\/media?parent=1680"}],"curies":[{"name":"wp","href":"https:\/\/api.w.org\/{rel}","templated":true}]}}